{"id":67,"date":"2025-07-18T11:25:23","date_gmt":"2025-07-18T11:25:23","guid":{"rendered":"https:\/\/lasi2025.di.uminho.pt\/?page_id=67"},"modified":"2025-10-14T10:40:11","modified_gmt":"2025-10-14T10:40:11","slug":"lasi-2025","status":"publish","type":"page","link":"https:\/\/lasi2025.di.uminho.pt\/?page_id=67","title":{"rendered":"Program"},"content":{"rendered":"\t\t<div data-elementor-type=\"wp-page\" data-elementor-id=\"67\" class=\"elementor elementor-67\">\n\t\t\t\t<div class=\"elementor-element elementor-element-ba53a19 e-flex e-con-boxed e-con e-parent\" data-id=\"ba53a19\" data-element_type=\"container\" data-e-type=\"container\">\n\t\t\t\t\t<div class=\"e-con-inner\">\n\t\t\t\t\t<\/div>\n\t\t\t\t<\/div>\n\t\t<div class=\"elementor-element elementor-element-a8df27f e-flex e-con-boxed e-con e-parent\" data-id=\"a8df27f\" data-element_type=\"container\" data-e-type=\"container\">\n\t\t\t\t\t<div class=\"e-con-inner\">\n\t\t\t\t<div class=\"elementor-element elementor-element-0666788 elementor-widget elementor-widget-text-editor\" data-id=\"0666788\" data-element_type=\"widget\" data-e-type=\"widget\" data-widget_type=\"text-editor.default\">\n\t\t\t\t\t\t\t\t\t<p><b>9:00<\/b><span style=\"font-weight: 400;\"> \u2013 Check-in<\/span><\/p><p data-start=\"162\" data-end=\"224\"><strong data-start=\"184\" data-end=\"192\">9:15<\/strong> \u2013 Welcome and Opening Session<\/p><p data-start=\"162\" data-end=\"224\">Participants: Paulo Novais (Coordinator of LASI), Miguel Castelo-Branco (Director of CIBIT), Antero Abrunhosa (Director of ICNAS), Paulo de Carvalho (Coordinator of the UC Artificial Intelligence Center), Lino Gon\u00e7alves (Coordinator of LIAS), Carlos Robalo Cordeiro (Director of FMUC)<\/p><hr data-start=\"226\" data-end=\"229\" \/><h3 data-start=\"231\" data-end=\"300\"><strong data-start=\"235\" data-end=\"300\">Symposium 1: Sustainable and Inclusive Innovation Based on AI<\/strong><\/h3><p data-start=\"302\" data-end=\"441\"><span style=\"font-weight: 400;\">Moderator: Penousal Machado (CISUC, University of Coimbra)<\/span><\/p><p data-start=\"302\" data-end=\"441\"><strong data-start=\"302\" data-end=\"311\">10:00<\/strong> \u2013 A European Vision for AI: <em>Confederation of Laboratories for Artificial Intelligence in Europe \u2013 CAIRNE<\/em><br data-start=\"348\" data-end=\"351\" \/>Morten Irgens \u2014 CAIRNE Vice-Chair &amp; Director of Innovation || Online<\/p><p data-start=\"302\" data-end=\"441\"><strong data-start=\"302\" data-end=\"311\">10:15<\/strong> \u2013 <em data-start=\"314\" data-end=\"348\">Advanced AI-powered IT Solutions<\/em><br data-start=\"348\" data-end=\"351\" \/>Pedro Prates \u2014 Innovative and Sustainable Industries, LASI Thematic Line Representative<\/p><p data-start=\"443\" data-end=\"660\"><strong data-start=\"443\" data-end=\"452\">10:30<\/strong> \u2013 <em data-start=\"455\" data-end=\"580\">Cutting-edge Research at the Frontier of Science and Technology to Address Structural Real-world Challenges Faced by Cities<\/em><br data-start=\"580\" data-end=\"583\" \/>Zita Vale \u2014 Smart Cities, Energy, and Mobility, LASI Thematic Line Representative<\/p><p data-start=\"662\" data-end=\"848\"><strong data-start=\"662\" data-end=\"671\">10:45<\/strong>\u00a0\u2013 <em data-start=\"674\" data-end=\"763\">Challenges and Opportunities of Artificial Intelligence in Healthcare: The Role of LASI<\/em><br data-start=\"763\" data-end=\"766\" \/>Miguel Castelo-Branco \u2014 Health and Well-being, LASI Thematic Line Representative<\/p><p data-start=\"850\" data-end=\"1048\"><strong data-start=\"850\" data-end=\"859\">11:00<\/strong> \u2013 <em data-start=\"862\" data-end=\"950\">Scientific Challenges in Building an Integrated, Highly Connected, and Digital Society<\/em><br data-start=\"950\" data-end=\"953\" \/>J\u00falio Viana \u2014 Infrastructures and Highly Connected Society, LASI Thematic Line Representative<\/p><p data-start=\"1050\" data-end=\"1245\"><strong data-start=\"1050\" data-end=\"1059\">11:15<\/strong> \u2013 <em data-start=\"1062\" data-end=\"1163\"><i><span style=\"font-weight: 400;\">AI-Driven Innovation in Digital Service Delivery for E-Government and Public Administration<\/span><\/i><\/em><br data-start=\"1163\" data-end=\"1166\" \/>Lu\u00eds Paulo Reis \u2014 Public Administration and Government, LASI Thematic Line Representative<\/p><p data-start=\"1247\" data-end=\"1273\"><strong data-start=\"1247\" data-end=\"1256\">11:30<\/strong> \u2013 Coffee Break<\/p><hr data-start=\"1275\" data-end=\"1278\" \/><h3 data-start=\"1280\" data-end=\"1303\"><strong data-start=\"1284\" data-end=\"1303\">Plenary Lecture<\/strong><\/h3><p data-start=\"1305\" data-end=\"1498\"><strong data-start=\"1305\" data-end=\"1314\">12:00<\/strong> \u2013 <em data-start=\"1317\" data-end=\"1401\">Gene Expression Decoding of Imaging-derived Phenotypes with Applications to Autism<\/em><br data-start=\"1401\" data-end=\"1404\" \/>Christine Ecker \u2014 Department of Child and Adolescent Psychiatry, Goethe-University Frankfurt<\/p><p data-start=\"1305\" data-end=\"1498\"><span style=\"font-weight: 400;\">Moderator: Miguel Castelo-Branco (CIBIT, University of Coimbra)<\/span><\/p><p data-start=\"1500\" data-end=\"2448\"><em data-start=\"1500\" data-end=\"2446\">Understanding the biological mechanisms underlying neuroimaging-derived phenotypes is a central challenge in neuroscience. Recent advances in imaging transcriptomics provide powerful tools to link macroscale brain structure and function to underlying gene expression patterns. In this talk, Christine Ecker will introduce approaches for gene expression decoding of imaging-derived features\u2014such as cortical thickness, surface area, and connectivity profiles\u2014using spatial transcriptomic resources like the Allen Human Brain Atlas. Methodological advances in mapping imaging phenotypes onto gene co-expression networks and cellular signatures will be highlighted, with discussion on applying these approaches to stratify heterogeneity in autism spectrum conditions. Finally, the integration of imaging, genetics, and transcriptomics will be outlined, providing novel insights into neurodevelopmental diversity and informing precision psychiatry.<\/em><\/p><hr data-start=\"2450\" data-end=\"2453\" \/><p data-start=\"2455\" data-end=\"2544\">\u00a0 \u00a0 \u00a0 \u00a0 \u00a0 \u00a0 \u00a0 \u00a0 \u00a0 \u00a0 \u00a0 \u00a0 \u00a0 \u00a0 \u00a0 \u00a0 \u00a0 \u00a0 \u00a0 \u00a0 \u00a0 \u00a0 \u00a0 \u00a0 \u00a0 \u00a0 \u00a0 \u00a0 \u00a0 \u00a0 \u00a0 \u00a0 \u00a0 \u00a0 \u00a0 \u00a0 \u00a0 \u00a0 \u00a0 \u00a0 \u00a0 \u00a0 \u00a0 \u00a0 \u00a0 \u00a0 \u00a0 \u00a0 \u00a0 \u00a0 \u00a0 \u00a0 \u00a0 \u00a0 \u00a0 \u00a0 \u00a0 \u00a0 \u00a0 \u00a0 \u00a0 \u00a0 \u00a0 \u00a0 \u00a0 \u00a0 \u00a0 \u00a0 \u00a0 \u00a0 \u00a0 \u00a0 \u00a0 \u00a0 \u00a0 \u00a0 \u00a0 \u00a0 \u00a0 \u00a0 \u00a0 \u00a0 \u00a0 \u00a0 \u00a0 \u00a0 \u00a0 \u00a0 \u00a0 \u00a0 \u00a0 \u00a0 <strong data-start=\"2455\" data-end=\"2472\">\u00a0 \u00a0 \u00a0 \u00a0 \u00a0 \u00a0 \u00a0 \u00a0 \u00a0 \u00a0 \u00a0 \u00a0 \u00a0 \u00a0 \u00a0 \u00a0 \u00a0 \u00a0 \u00a0 \u00a0 \u00a0 \u00a0 \u00a0 \u00a0 \u00a0 \u00a0 \u00a0 \u00a0 \u00a0 \u00a0 \u00a0 \u00a0 \u00a0 \u00a0 \u00a0 \u00a0 \u00a013:00 \u2013 15:00<\/strong> \u2013 Lunch and Poster Session (selected works from abstract submissions)<\/p><hr data-start=\"2546\" data-end=\"2549\" \/><h3 data-start=\"2551\" data-end=\"2633\"><strong data-start=\"2555\" data-end=\"2631\">Symposium 2: AI and Data Science Applications \u2014 From Research to Society<\/strong><\/h3><p><i><span style=\"font-weight: 400;\">Oral presentations from selected abstracts<\/span><\/i><\/p><p>Moderator:<span style=\"font-weight: 400;\"> Alberto Cardoso (CISUC, University of Coimbra)<\/span><\/p><p><b>15:00 \u2013 TL1: Innovative and Sustainable Industries<\/b><\/p><p><span style=\"font-weight: 400; font-size: 12px;\">15:00 \u2013 15:05 | <\/span><i><span style=\"font-weight: 400; font-size: 12px;\">Automated Parison Design for Material-Efficient Extrusion Blow Molding<\/span><\/i><br \/><span style=\"font-weight: 400; font-size: 12px;\">Wagner de Campos Gallupo, Pedro Santana, Francisco Alves, Jo\u00e3o Miguel N\u00f3brega<\/span><\/p><p><span style=\"font-weight: 400; font-size: 12px;\">15:05 \u2013 15:10 | <\/span><i><span style=\"font-weight: 400; font-size: 12px;\">Towards Fair and Efficient Fraud Detection with Population-Coded Neuromorphic Models<\/span><\/i><br \/><span style=\"font-weight: 400; font-size: 12px;\">Dylan Perdig\u00e3o, Francisco Antunes, Catarina Silva, Bernardete Ribeiro<\/span><\/p><p><span style=\"font-weight: 400; font-size: 12px;\">15:10 \u2013 15:15 | <\/span><i><span style=\"font-weight: 400; font-size: 12px;\">From Space to Sustainability: Using Satellite Imagery and Deep Learning in Water Quality Management<\/span><\/i><br \/><span style=\"font-weight: 400; font-size: 12px;\">Jo\u00e3o Pereira, Pedro Oliveira, Paulo Novais<\/span><\/p><p><span style=\"font-weight: 400; font-size: 12px;\">15:15 \u2013 15:20 | <\/span><i><span style=\"font-weight: 400; font-size: 12px;\">Typographic Mutations: Interactive Exploration of Typographic Design<\/span><\/i><br \/><span style=\"font-weight: 400; font-size: 12px;\">Sofia Torres Costa, Jo\u00e3o Bicker, Tiago Martins<\/span><\/p><p><span style=\"font-weight: 400; font-size: 12px;\">15:20 \u2013 15:25 | Discussion<\/span><\/p><p><b>15:25 \u2013 TL2: Smart Cities, Energy, and Mobility<\/b><\/p><p><span style=\"font-weight: 400; font-size: 12px;\">15:25 \u2013 15:30 | <\/span><i><span style=\"font-weight: 400; font-size: 12px;\">High-Fidelity Simulation of Multi-Articulated Conveyor Trolleys: Extending Caster and Convoy Dynamics in Isaac Sim<\/span><\/i><span style=\"font-weight: 400; font-size: 12px;\"><br \/><\/span><span style=\"font-weight: 400; font-size: 12px;\">Joaquin Dillen, Jo\u00e3o Vila\u00e7a, John Cosgrove, Ant\u00f3nio Moreira<\/span><\/p><p><span style=\"font-weight: 400; font-size: 12px;\">15:30 \u2013 15:35 | <\/span><i><span style=\"font-weight: 400; font-size: 12px;\">Green Computing in Data Centers<\/span><\/i><span style=\"font-weight: 400; font-size: 12px;\"><br \/><\/span><span style=\"font-weight: 400; font-size: 12px;\">Rita Costa, Pedro Faria, Zita Vale<\/span><\/p><p><span style=\"font-weight: 400; font-size: 12px;\">15:35 \u2013 15:40 | <\/span><i><span style=\"font-weight: 400; font-size: 12px;\">Towards Inclusive and Resilient Smart Cities: Case Studies on Recycling, Accessibility, and Seismic Risk Analysis<\/span><\/i><span style=\"font-weight: 400; font-size: 12px;\"><br \/><\/span><span style=\"font-weight: 400; font-size: 12px;\">Jos\u00e9 Manuel Torres, Feliz Gouveia, Pedro Sobral, Christophe Soares, Rui Silva Moreira<\/span><\/p><p><span style=\"font-weight: 400; font-size: 12px;\">15:40 \u2013 15:45 | Discussion<\/span><\/p><p><b>15:45 \u2013 TL3: Health and Well-being<\/b><\/p><p><span style=\"font-weight: 400; font-size: 12px;\">15:45 \u2013 15:50 | <\/span><i><span style=\"font-weight: 400; font-size: 12px;\">Specific Gyroid Scaffold Design through Machine Learning-Driven Bone Mineral Density Classification and High-Performance Computational Optimisation<\/span><\/i><span style=\"font-weight: 400; font-size: 12px;\"><br \/><\/span><span style=\"font-weight: 400; font-size: 12px;\">Jos\u00e9 Almeida, Mariana Oliveira, Erkka Frankberg, Micha\u0142 Strzelecki, Joana Guimar\u00e3es<\/span><\/p><p><span style=\"font-weight: 400; font-size: 12px;\">15:50 \u2013 15:55 | <\/span><i><span style=\"font-weight: 400; font-size: 12px;\">Late-Trained Models Generalize to Early Stages of Alzheimer\u2019s Disease in a Transgenic Mouse Model<\/span><\/i><i><span style=\"font-weight: 400; font-size: 12px;\"><br \/><\/span><\/i><span style=\"font-weight: 400; font-size: 12px;\">Pedro Guimar\u00e3es, Ana Batista, Jo\u00e3o Jord\u00e3o, Pedro Serranho, Rui Bernardes<\/span><\/p><p><span style=\"font-weight: 400; font-size: 12px;\">15:55 \u2013 16:00 | <\/span><i><span style=\"font-weight: 400; font-size: 12px;\">Personalised Medicine with Digital Twins: The Future of Prevention<\/span><\/i><span style=\"font-weight: 400; font-size: 12px;\"><br \/><\/span><span style=\"font-weight: 400; font-size: 12px;\">Carolina Santos, Hugo Peixoto<\/span><\/p><p><span style=\"font-weight: 400; font-size: 12px;\">16:00 \u2013 16:05 | <\/span><i><span style=\"font-weight: 400; font-size: 12px;\">Harnessing the Digital Echo: How AI-Based Intelligent Systems Can Be Designed to Generate Insights from the Landscape of User-Perceived Outcomes in Online Health Communities<\/span><\/i><span style=\"font-weight: 400; font-size: 12px;\"><br \/><\/span><span style=\"font-weight: 400; font-size: 12px;\">Aneesh Zutshi, Ricardo Ribeiro<\/span><\/p><p><span style=\"font-weight: 400; font-size: 12px;\">16:05 \u2013 16:10 | Discussion<\/span><\/p><p><b>16:10 \u2013 TL4: Infrastructures and Highly Connected Society<\/b><\/p><p><span style=\"font-weight: 400; font-size: 12px;\">16:10 \u2013 16:15 | <em>Deep Learning for Tabular Data in Online Environments<\/em><\/span><span style=\"font-weight: 400; font-size: 12px;\"><br \/><\/span><span style=\"font-weight: 400; font-size: 12px;\">Diogo Risca, Pedro Henriques Abreu, Goreti Marreiros<\/span><\/p><p><span style=\"font-weight: 400; font-size: 12px;\">16:15 \u2013 16:20 | <em>ICNAS Data Infrastructure: From Paper and CDs to Digital Intelligence<\/em><\/span><span style=\"font-weight: 400;\"><br \/><\/span><span style=\"font-weight: 400; font-size: 12px;\">Jo\u00e3o Castelhano, Pedro Almeida, Antero Abrunhosa, Miguel Castelo-Branco<\/span><\/p><p><span style=\"font-weight: 400; font-size: 12px;\">16:20 \u2013 16:25 | <em>AI-Based Autonomous Pentesting<\/em><\/span><span style=\"font-weight: 400; font-size: 12px;\"><br \/><\/span><span style=\"font-weight: 400; font-size: 12px;\">Rui Fernandes, Nuno Lopes, Joaquim Gon\u00e7alves, John Cosgrove<\/span><\/p><p><span style=\"font-weight: 400; font-size: 12px;\">16:25 \u2013 16:30 | Discussion<\/span><\/p><p><b>16:30 \u2013 TL5: Public Administration and Government<\/b><\/p><p><span style=\"font-weight: 400; font-size: 12px;\">16:30 \u2013 16:35 | <\/span><i><span style=\"font-weight: 400; font-size: 12px;\">Digital Transformation of Healthcare Regulation: Risk-Based Supervision System<\/span><\/i><span style=\"font-weight: 400; font-size: 12px;\"><br \/><\/span><span style=\"font-weight: 400; font-size: 12px;\">Telmo Barros, Lu\u00eds Paulo Reis, Henrique Lopes Cardoso<\/span><\/p><p><span style=\"font-weight: 400; font-size: 12px;\">16:35 \u2013 16:40 |\u00a0 <\/span><i><span style=\"font-weight: 400; font-size: 12px;\">A Conversational Query Builder for Medical Database Discovery<\/span><\/i><span style=\"font-weight: 400;\"><br \/><\/span><span style=\"font-weight: 400; font-size: 12px;\">Raquel Paradinha, Joaquim Rosa, Jo\u00e3o Rafael Almeida, Jos\u00e9 Lu\u00eds Oliveira<\/span><\/p><p><span style=\"font-weight: 400; font-size: 12px;\">16:40 \u2013 16:45 | <\/span><i><span style=\"font-weight: 400; font-size: 12px;\">Privacy-Preserving Speech-to-Text Model: Automatic Speech Recognition for Responsible AI<\/span><\/i><span style=\"font-weight: 400; font-size: 12px;\"><br \/><\/span><span style=\"font-weight: 400; font-size: 12px;\">Ant\u00f3nio Faria, Patrick Murray, Pedro Morais, Jo\u00e3o Vila\u00e7a<\/span><\/p><p><span style=\"font-weight: 400; font-size: 12px;\">16:45 \u2013 16:50 | Discussion<\/span><\/p><p><b>16:50<\/b><span style=\"font-weight: 400;\"> \u2013 <\/span>Coffee Break<\/p><hr data-start=\"3010\" data-end=\"3013\" \/><h3 data-start=\"3015\" data-end=\"3087\"><strong data-start=\"3019\" data-end=\"3085\">Round Table: Data Management, Ethics, and Responsibility on AI<\/strong><\/h3><p><b>17:10<\/b><span style=\"font-weight: 400;\"> \u2013 Round Table Discussion\u00a0<\/span><\/p><p><span style=\"font-weight: 400;\">Moderator: Paulo Novais (LASI Coordinator)<\/span><\/p><p><span style=\"font-weight: 400;\">Participants: Madalena Alves (President of FCT), Catarina Silva (CISUC, University of Coimbra), Jos\u00e9 Machado (ALGORITMI, University of Minho), Lu\u00eds Paulo Reis (LIACC, University of Porto), Paula Marques (TEMA, University of Aveiro), and Lu\u00eds Camarinha-Matos (CTS, NOVA University Lisbon)<\/span><\/p><p data-start=\"3127\" data-end=\"3195\"><strong data-start=\"3127\" data-end=\"3136\">18:00<\/strong> \u2013 Closing Session (LASI Coordinating Board)<\/p><p data-start=\"3197\" data-end=\"3241\"><strong data-start=\"3197\" data-end=\"3206\">18:30<\/strong> \u2013 Cheese and Wine Farewell Event<\/p>\t\t\t\t\t\t\t\t<\/div>\n\t\t\t\t\t<\/div>\n\t\t\t\t<\/div>\n\t\t<div class=\"elementor-element elementor-element-2ff4f6c e-flex e-con-boxed e-con e-parent\" data-id=\"2ff4f6c\" data-element_type=\"container\" data-e-type=\"container\">\n\t\t\t\t\t<div class=\"e-con-inner\">\n\t\t\t\t<div class=\"elementor-element elementor-element-dcee150 elementor-widget elementor-widget-text-editor\" data-id=\"dcee150\" data-element_type=\"widget\" data-e-type=\"widget\" data-widget_type=\"text-editor.default\">\n\t\t\t\t\t\t\t\t\t<p>\u00a0\ud83d\udd52 <em data-start=\"274\" data-end=\"373\">Our event schedule is nearly ready! Thanks for your patience\u2014check back soon for the full lineup.<\/em><\/p>\t\t\t\t\t\t\t\t<\/div>\n\t\t\t\t\t<\/div>\n\t\t\t\t<\/div>\n\t\t<div class=\"elementor-element elementor-element-d6fb967 e-flex e-con-boxed e-con e-parent\" data-id=\"d6fb967\" data-element_type=\"container\" data-e-type=\"container\">\n\t\t\t\t\t<div class=\"e-con-inner\">\n\t\t\t\t\t<\/div>\n\t\t\t\t<\/div>\n\t\t<div class=\"elementor-element elementor-element-fe7b5b3 e-flex e-con-boxed e-con e-parent\" data-id=\"fe7b5b3\" data-element_type=\"container\" data-e-type=\"container\">\n\t\t\t\t\t<div class=\"e-con-inner\">\n\t\t\t\t<div class=\"elementor-element elementor-element-1d60a41 elementor-widget elementor-widget-image\" data-id=\"1d60a41\" data-element_type=\"widget\" data-e-type=\"widget\" data-widget_type=\"image.default\">\n\t\t\t\t\t\t\t\t\t\t\t\t\t\t\t<img fetchpriority=\"high\" decoding=\"async\" width=\"1920\" height=\"608\" src=\"https:\/\/lasi2025.di.uminho.pt\/wp-content\/uploads\/2025\/07\/Captura-de-ecra-2025-07-22-as-09.13.59.webp\" class=\"attachment-2048x2048 size-2048x2048 wp-image-137\" alt=\"\" srcset=\"https:\/\/lasi2025.di.uminho.pt\/wp-content\/uploads\/2025\/07\/Captura-de-ecra-2025-07-22-as-09.13.59.webp 1920w, https:\/\/lasi2025.di.uminho.pt\/wp-content\/uploads\/2025\/07\/Captura-de-ecra-2025-07-22-as-09.13.59-300x95.webp 300w\" sizes=\"(max-width: 1920px) 100vw, 1920px\" \/>\t\t\t\t\t\t\t\t\t\t\t\t\t\t\t<\/div>\n\t\t\t\t\t<\/div>\n\t\t\t\t<\/div>\n\t\t\t\t<\/div>\n\t\t","protected":false},"excerpt":{"rendered":"<p>9:00 \u2013 Check-in 9:15 \u2013 Welcome and Opening Session Participants: Paulo Novais (Coordinator of LASI), Miguel Castelo-Branco (Director of CIBIT), Antero Abrunhosa (Director of ICNAS), Paulo de Carvalho (Coordinator of the UC Artificial Intelligence Center), Lino Gon\u00e7alves (Coordinator of LIAS), Carlos Robalo Cordeiro (Director of FMUC) Symposium 1: Sustainable and Inclusive Innovation Based on AI [&hellip;]<\/p>\n","protected":false},"author":4,"featured_media":0,"parent":0,"menu_order":0,"comment_status":"closed","ping_status":"closed","template":"","meta":{"footnotes":""},"class_list":["post-67","page","type-page","status-publish","hentry"],"_links":{"self":[{"href":"https:\/\/lasi2025.di.uminho.pt\/index.php?rest_route=\/wp\/v2\/pages\/67","targetHints":{"allow":["GET"]}}],"collection":[{"href":"https:\/\/lasi2025.di.uminho.pt\/index.php?rest_route=\/wp\/v2\/pages"}],"about":[{"href":"https:\/\/lasi2025.di.uminho.pt\/index.php?rest_route=\/wp\/v2\/types\/page"}],"author":[{"embeddable":true,"href":"https:\/\/lasi2025.di.uminho.pt\/index.php?rest_route=\/wp\/v2\/users\/4"}],"replies":[{"embeddable":true,"href":"https:\/\/lasi2025.di.uminho.pt\/index.php?rest_route=%2Fwp%2Fv2%2Fcomments&post=67"}],"version-history":[{"count":71,"href":"https:\/\/lasi2025.di.uminho.pt\/index.php?rest_route=\/wp\/v2\/pages\/67\/revisions"}],"predecessor-version":[{"id":495,"href":"https:\/\/lasi2025.di.uminho.pt\/index.php?rest_route=\/wp\/v2\/pages\/67\/revisions\/495"}],"wp:attachment":[{"href":"https:\/\/lasi2025.di.uminho.pt\/index.php?rest_route=%2Fwp%2Fv2%2Fmedia&parent=67"}],"curies":[{"name":"wp","href":"https:\/\/api.w.org\/{rel}","templated":true}]}}